{"version":"1.0","type":"rich","width":"560px","height":"140px","title":"#057 - Nico und Jans Reisestories Live von der Autobahn - In dieser spontanen Folge auf dem Weg zu Huss und Mott reden wir mal ein bisschen offtopic \u00fcber diversen Themen. Nico erz\u00e4hlt unter anderem, wie er mit einem Auto im Ausland liegen geblieben ist. Jan erz\u00e4hlt, wie wir auf dem Weg zur Prolight beinahe in einem Unfall verwickelt waren. Freut euch auf eine lustige Folge in der auch Kim und Stefan mit dabei sind.","url":"https:\/\/www.stage223.com\/stage-talk\/057-nico-und-jans-reisestories-live-von-der-autobahn\/","author_name":"stage talk - Geschichten aus der Veranstaltungswelt! - Veranstaltungstechnik einfach erkl\u00e4rt mit Nico und Jan. Nico und Jan schauen hinter die Kulissen der gro\u00dfen B\u00fchnen und Shows. Nico erz\u00e4hlt einige Geschichten die er als Fachkraft f\u00fcr Veranstaltungstechnik in der Branche t\u00e4glich erlebt. Und Jan als Gesicht von stage223 einem Blog f\u00fcr Veranstaltungstechnik hat auch einiges zu erz\u00e4hlen.  In unseren Podcastfolgen Rund um die Veranstaltunstechnik lassen wir im Interview verschiedene Interviewpartner aus der Welt der Veranstaltungsbranche zur Wort kommen. Diese erz\u00e4hlen uns ihre spannenden Geschichten aus ihrem Alltag.","author_url":"https:\/\/www.stage223.com","thumbnail_url":"https:\/\/www.stage223.com\/wp-content\/uploads\/2022\/09\/Podcast-Cover-fu\u0308r-Webseite-CI-2022.jpeg","html":"<iframe width=\"560px\" height=\"140px\" src=\"https:\/\/www.stage223.com\/stage-talk\/057-nico-und-jans-reisestories-live-von-der-autobahn\/?standalonePlayer\"><\/iframe>"}